{"id":3342,"date":"2020-11-08T10:00:14","date_gmt":"2020-11-08T10:00:14","guid":{"rendered":"http:\/\/heikevigl.it\/storyteller\/?post_type=portfolio&#038;p=3342"},"modified":"2021-02-10T13:26:42","modified_gmt":"2021-02-10T13:26:42","slug":"baba-jaga-die-hueterin-des-feuers-4","status":"publish","type":"portfolio","link":"https:\/\/heikevigl.it\/storyteller\/portfolio-item\/baba-jaga-die-hueterin-des-feuers-4\/","title":{"rendered":"Von der Kraft des Waldes und seinen B\u00e4umen"},"content":{"rendered":"<section class=\"wpb-content-wrapper\"><p>[vc_row font_color=&#8221;#000000&#8243; css=&#8221;.vc_custom_1605007231935{padding-top: 40% !important;background-image: url(http:\/\/heikevigl.it\/storyteller\/wp-content\/uploads\/2020\/11\/wald_klein.jpg?id=3341) !important;background-position: center !important;background-repeat: no-repeat !important;background-size: cover !important;}&#8221; background_style=&#8221;normal&#8221;][vc_column css=&#8221;.vc_custom_1412674987590{padding-right: 0px !important;padding-left: 0px !important;}&#8221;][\/vc_column][\/vc_row][vc_row type=&#8221;boxed&#8221; css=&#8221;.vc_custom_1412675092945{padding-top: 80px !important;padding-bottom: 45px !important;}&#8221; background_style=&#8221;normal&#8221;][vc_column css=&#8221;.vc_custom_1412674987590{padding-right: 0px !important;padding-left: 0px !important;}&#8221;][vc_column_text]<\/p>\n<h3 style=\"text-align: center;\"><strong><span style=\"font-size: 200%;\">Von der Kraft des Waldes und seinen B\u00e4umen<\/span><\/strong><\/h3>\n<p>[\/vc_column_text][vc_row_inner css=&#8221;.vc_custom_1412676513680{margin-right: 45% !important;margin-bottom: 30px !important;margin-left: 45% !important;border-top-width: 3px !important;border-top-color: #ec7a5c !important;border-top-style: solid !important;}&#8221;][vc_column_inner width=&#8221;1\/1&#8243;][\/vc_column_inner][\/vc_row_inner][vc_column_text css=&#8221;.vc_custom_1606411762695{padding-right: 10% !important;padding-left: 10% !important;}&#8221;]<\/p>\n<p style=\"text-align: center;\"><strong>Wandern &amp; Musik &amp; Geschichten an besonderen Pl\u00e4tzen<\/strong><\/p>\n<p style=\"text-align: center;\">Gehen\u00a0und frei sein.<br \/>\nGeschichten lauschen.<br \/>\nDen Blickwinkel ver\u00e4ndern.<br \/>\nNie Gesehenes entdecken.<br \/>\nNie Geh\u00f6rtes h\u00f6ren.<br \/>\nNie Gef\u00fchltes f\u00fchlen.<br \/>\nNie Gerochenes riechen.<br \/>\nNie Erlebtes erleben.<br \/>\nDas ist Geschichten-durchwirktes\u00a0Wandern.<\/p>\n<p>[\/vc_column_text][\/vc_column][\/vc_row][vc_row type=&#8221;boxed&#8221;][vc_column][vc_media_grid grid_id=&#8221;vc_gid:1612963594764-b13245a0-d804-3&#8243; include=&#8221;3378,3379,3380&#8243;][\/vc_column][\/vc_row][vc_row type=&#8221;boxed&#8221; css=&#8221;.vc_custom_1412676237743{margin-bottom: 5% !important;padding-bottom: 80px !important;}&#8221; background_style=&#8221;normal&#8221;][vc_column][vc_column_text][\/vc_column_text][vc_column_text]Der Wald ist ein Ort, der Ruhe und Kraft spendet, ein Ort, wo wir manchmal auch unserer Angst begegnen. Aber da gibt es B\u00e4ume, die uns Geborgenheit und Schutz schenken k\u00f6nnen. Und: Wald ist nicht gleich Wald: Nadelwald, Laubwald, Mischwald\u2026Viele Geschichten ranken sich um ihn und seine B\u00e4ume. Davon erz\u00e4hlt Heike Vigl und macht\u00a0den Wald auf eine andere Art erfahrbar.<\/p>\n<p style=\"text-align: center;\">f\u00fcr einen ganzen Tag, einen halben Tag, f\u00fcr zwei Stunden\u2026<br \/>\nf\u00fcr Erwachsene, f\u00fcr Familien, f\u00fcr Kinder, f\u00fcr Paare\u2026<\/p>\n<p>[\/vc_column_text][\/vc_column][\/vc_row]<\/p>\n<\/section>","protected":false},"featured_media":3358,"parent":0,"template":"","portfolio-category":[172],"class_list":["post-3342","portfolio","type-portfolio","status-publish","has-post-thumbnail","hentry","portfolio_categories-geschichten-durchwirktes-wandern"],"fimg_url":"https:\/\/heikevigl.it\/storyteller\/wp-content\/uploads\/2020\/11\/Von-der-Kraft-des-Waldes-und-seiner-B\u00e4ume-Kopie-1024x723.jpg","publishpress_future_workflow_manual_trigger":{"enabledWorkflows":[]},"_links":{"self":[{"href":"https:\/\/heikevigl.it\/storyteller\/wp-json\/wp\/v2\/portfolio-item\/3342","targetHints":{"allow":["GET"]}}],"collection":[{"href":"https:\/\/heikevigl.it\/storyteller\/wp-json\/wp\/v2\/portfolio-item"}],"about":[{"href":"https:\/\/heikevigl.it\/storyteller\/wp-json\/wp\/v2\/types\/portfolio"}],"version-history":[{"count":2,"href":"https:\/\/heikevigl.it\/storyteller\/wp-json\/wp\/v2\/portfolio-item\/3342\/revisions"}],"predecessor-version":[{"id":3501,"href":"https:\/\/heikevigl.it\/storyteller\/wp-json\/wp\/v2\/portfolio-item\/3342\/revisions\/3501"}],"wp:featuredmedia":[{"embeddable":true,"href":"https:\/\/heikevigl.it\/storyteller\/wp-json\/wp\/v2\/media\/3358"}],"wp:attachment":[{"href":"https:\/\/heikevigl.it\/storyteller\/wp-json\/wp\/v2\/media?parent=3342"}],"wp:term":[{"taxonomy":"portfolio_categories","embeddable":true,"href":"https:\/\/heikevigl.it\/storyteller\/wp-json\/wp\/v2\/portfolio-category?post=3342"}],"curies":[{"name":"wp","href":"https:\/\/api.w.org\/{rel}","templated":true}]}}